{"id":2,"date":"2023-04-18T13:25:51","date_gmt":"2023-04-18T11:25:51","guid":{"rendered":"https:\/\/dreihornmuehle.de\/wp2\/?page_id=2"},"modified":"2026-01-05T08:13:58","modified_gmt":"2026-01-05T07:13:58","slug":"dreihornmuehle","status":"publish","type":"page","link":"https:\/\/dreihornmuehle.de\/wp2\/","title":{"rendered":"Start"},"content":{"rendered":"<div   class='avia-fullscreen-slider main_color   avia-builder-el-0  el_before_av_codeblock  avia-builder-el-first  container_wrap sidebar_right'  ><div  class='avia-slideshow av-lgow33dp-43cfd3c4567788474b3702b164c487a3 avia-slideshow-extra_large av_fullscreen avia-slide-slider av-slideshow-ui av-control-default av-slideshow-manual av-loop-once av-loop-manual-endless av-default-height-applied   avia-slideshow-1' data-slideshow-options=\"{&quot;animation&quot;:&quot;slide&quot;,&quot;autoplay&quot;:false,&quot;loop_autoplay&quot;:&quot;once&quot;,&quot;interval&quot;:5,&quot;loop_manual&quot;:&quot;manual-endless&quot;,&quot;autoplay_stopper&quot;:false,&quot;noNavigation&quot;:false,&quot;bg_slider&quot;:true,&quot;keep_padding&quot;:false,&quot;hoverpause&quot;:false,&quot;show_slide_delay&quot;:0,&quot;slide_height&quot;:&quot;100&quot;,&quot;image_attachment&quot;:&quot;&quot;}\"  itemprop=\"image\" itemscope=\"itemscope\" itemtype=\"https:\/\/schema.org\/ImageObject\" ><ul class='avia-slideshow-inner ' style='padding-bottom: 63.2%;'><li style='background-position:center center;' data-img-url='https:\/\/dreihornmuehle.de\/wp2\/wp-content\/uploads\/2023\/04\/IMG-0354-scaled-e1682076134145-1500x948.jpg' class='avia-slideshow-slide av-lgow33dp-43cfd3c4567788474b3702b164c487a3__0  av-single-slide slide-1 slide-odd'><div data-rel='slideshow-1' class='avia-slide-wrap '   ><\/div><\/li><\/ul><\/div><\/div><div id='after_full_slider_1'  class='main_color av_default_container_wrap container_wrap sidebar_right'  ><div class='container av-section-cont-open' ><div class='template-page content  av-content-small alpha units'><div class='post-entry post-entry-type-page post-entry-2'><div class='entry-content-wrapper clearfix'>\n\n<div class='flex_column av-dimy-3e33f0627768ba1fb969e29a7e47f086 av_one_full  avia-builder-el-2  el_after_av_codeblock  el_before_av_codeblock  first flex_column_div '     ><p>\n<style type=\"text\/css\" data-created_by=\"avia_inline_auto\" id=\"style-css-av-lgou3f5i-dd3d5214bf7a65164b23d2c7952bac6a\">\n#top .av-special-heading.av-lgou3f5i-dd3d5214bf7a65164b23d2c7952bac6a{\npadding-bottom:10px;\n}\nbody .av-special-heading.av-lgou3f5i-dd3d5214bf7a65164b23d2c7952bac6a .av-special-heading-tag .heading-char{\nfont-size:25px;\n}\n.av-special-heading.av-lgou3f5i-dd3d5214bf7a65164b23d2c7952bac6a .av-subheading{\nfont-size:15px;\n}\n<\/style>\n<div  class='av-special-heading av-lgou3f5i-dd3d5214bf7a65164b23d2c7952bac6a av-special-heading-h2 blockquote modern-quote modern-centered  avia-builder-el-3  el_before_av_textblock  avia-builder-el-first '><h2 class='av-special-heading-tag'  itemprop=\"headline\"  >Weingut Dreihornm\u00fchle<\/h2><div class=\"special-heading-border\"><div class=\"special-heading-inner-border\"><\/div><\/div><\/div><br \/>\n<section  class='av_textblock_section av-lgou3155-5893f8349cd421348cff2f346e60269a'  itemscope=\"itemscope\" itemtype=\"https:\/\/schema.org\/CreativeWork\" ><div class='avia_textblock'  itemprop=\"text\" ><p style=\"text-align: center;\">Von den einst in Westhofen und in deren Gemarkung befindlichen M\u00fchlen wird die Dreihornm\u00fchle 1576 erstmals erw\u00e4hnt, die damals im Besitz des Grafen von Nassau war.<\/p>\n<p style=\"text-align: center;\">Nach dem 30-j\u00e4hrigen Krieg \u00fcbernahm ein wohlhabender Handelsmann aus Amsterdam das ruinierte M\u00fchlenanwesen und begann eine Brantweinbrennerei einzurichten.<\/p>\n<p style=\"text-align: center;\">1698 gelangte die M\u00fchle an die Kurpfalz, die deren Pachteink\u00fcnfte zur Dotierung der Heidelberger Universit\u00e4tsprofessoren verwandte. Nach den Napoleonischen Kriegen kam die M\u00fchle in Privatbesitz, bis in die 20er Jahre wurde hier Mehl gemahlen. 1928 erwarb Johann Orb V, der Urgro\u00dfvater von Fred Orb, die Dreihornm\u00fchle. 1464 wurde die Familie erstmalig erw\u00e4hnt, seither lebt sie von und mit dem Wein.<\/p>\n<p style=\"text-align: center;\">Die \u00fcber 500j\u00e4hrige Tradition und gewachsene Verpflichtung zu h\u00f6chster Qualit\u00e4t und Verantwortung gegen\u00fcber dem Kunden setzen die Betriebsleiter Fabian Ring und Fred Orb, fort. Schwerpunkt unserer Arbeit im Weingut Dreihornm\u00fchle ist das stete Streben nach Qualit\u00e4t in Verbindung mit Tradition &#8211; Innovation &#8211; Individualit\u00e4t.<\/p>\n<p style=\"text-align: center;\">Besuchen Sie uns im Weingut und probieren Sie unsere Weine. \u00dcber eine vorherige Anmeldung w\u00fcrden wir uns sehr freuen.<br \/>\nIhre Familie Orb und Fabian Ring<\/p>\n<\/div><\/section><\/p><\/div>\n\n\n<style type=\"text\/css\" data-created_by=\"avia_inline_auto\" id=\"style-css-av-2s4s-d61c29b60e7b83b1289dd2c2f9a63fa9\">\n#top .hr.hr-invisible.av-2s4s-d61c29b60e7b83b1289dd2c2f9a63fa9{\nheight:30px;\n}\n<\/style>\n<div  class='hr av-2s4s-d61c29b60e7b83b1289dd2c2f9a63fa9 hr-invisible  avia-builder-el-6  el_after_av_codeblock  el_before_av_one_full '><span class='hr-inner '><span class=\"hr-inner-style\"><\/span><\/span><\/div>\n<div class='flex_column av-ck3c-f0214fc1a8c6aaa4838dce9780bedda8 av_one_full  avia-builder-el-7  el_after_av_hr  el_before_av_hr  first flex_column_div '     ><p>\n<style type=\"text\/css\" data-created_by=\"avia_inline_auto\" id=\"style-css-av-lgow66s5-fd7591e8b97e6fc4275ea35fdb34fc72\">\n#top .av-special-heading.av-lgow66s5-fd7591e8b97e6fc4275ea35fdb34fc72{\npadding-bottom:10px;\n}\nbody .av-special-heading.av-lgow66s5-fd7591e8b97e6fc4275ea35fdb34fc72 .av-special-heading-tag .heading-char{\nfont-size:25px;\n}\n.av-special-heading.av-lgow66s5-fd7591e8b97e6fc4275ea35fdb34fc72 .av-subheading{\nfont-size:15px;\n}\n<\/style>\n<div  class='av-special-heading av-lgow66s5-fd7591e8b97e6fc4275ea35fdb34fc72 av-special-heading-h1  avia-builder-el-8  el_before_av_image  avia-builder-el-first '><h1 class='av-special-heading-tag'  itemprop=\"headline\"  >Weine<\/h1><div class=\"special-heading-border\"><div class=\"special-heading-inner-border\"><\/div><\/div><\/div><br \/>\n\n<style type=\"text\/css\" data-created_by=\"avia_inline_auto\" id=\"style-css-av-lgow6hdy-e22b77562fdc44e5f8c071d10c6aa7d0\">\n.avia-image-container.av-lgow6hdy-e22b77562fdc44e5f8c071d10c6aa7d0 img.avia_image{\nbox-shadow:none;\n}\n.avia-image-container.av-lgow6hdy-e22b77562fdc44e5f8c071d10c6aa7d0 .av-image-caption-overlay-center{\ncolor:#ffffff;\n}\n<\/style>\n<div  class='avia-image-container av-lgow6hdy-e22b77562fdc44e5f8c071d10c6aa7d0 av-styling- avia-align-center  avia-builder-el-9  el_after_av_heading  el_before_av_textblock '   itemprop=\"image\" itemscope=\"itemscope\" itemtype=\"https:\/\/schema.org\/ImageObject\" ><div class=\"avia-image-container-inner\"><div class=\"avia-image-overlay-wrap\"><img decoding=\"async\" class='wp-image-62 avia-img-lazy-loading-not-62 avia_image ' src=\"https:\/\/dreihornmuehle.de\/wp2\/wp-content\/uploads\/2023\/04\/Weine1-scaled-e1682074638858.jpg\" alt='' title='Weine1'  height=\"1000\" width=\"1500\"  itemprop=\"thumbnailUrl\" srcset=\"https:\/\/dreihornmuehle.de\/wp2\/wp-content\/uploads\/2023\/04\/Weine1-scaled-e1682074638858.jpg 1500w, https:\/\/dreihornmuehle.de\/wp2\/wp-content\/uploads\/2023\/04\/Weine1-scaled-e1682074638858-300x200.jpg 300w, https:\/\/dreihornmuehle.de\/wp2\/wp-content\/uploads\/2023\/04\/Weine1-scaled-e1682074638858-1030x687.jpg 1030w, https:\/\/dreihornmuehle.de\/wp2\/wp-content\/uploads\/2023\/04\/Weine1-scaled-e1682074638858-768x512.jpg 768w, https:\/\/dreihornmuehle.de\/wp2\/wp-content\/uploads\/2023\/04\/Weine1-scaled-e1682074638858-705x470.jpg 705w\" sizes=\"(max-width: 1500px) 100vw, 1500px\" \/><\/div><\/div><\/div><br \/>\n<section  class='av_textblock_section av-lgow7m10-00c846db184986b82aaf5ddfeaf80811'  itemscope=\"itemscope\" itemtype=\"https:\/\/schema.org\/CreativeWork\" ><div class='avia_textblock'  itemprop=\"text\" ><p style=\"text-align: center;\"><strong>Gutsweine<\/strong><\/p>\n<p style=\"text-align: center;\">Riesling vom Kalk<\/p>\n<p style=\"text-align: center;\">Grauburgunder vom Kalk<\/p>\n<p style=\"text-align: center;\">Weissburgunder vom Kalk<\/p>\n<p style=\"text-align: center;\">Sauvignon Blanc vom Kalk<\/p>\n<p style=\"text-align: center;\"><strong>Ortsweine<\/strong><\/p>\n<p style=\"text-align: center;\">Westhofener Weissburgunder &amp; Chardonnay<\/p>\n<p style=\"text-align: center;\">Westhofener Riesling Kabinett<\/p>\n<p style=\"text-align: center;\">Westhofener Sp\u00e4tburgunder<\/p>\n<p style=\"text-align: center;\"><strong>Lagenweine<\/strong><\/p>\n<p style=\"text-align: center;\">Westhofener Riesling Kirchspiel<\/p>\n<p style=\"text-align: center;\"><strong>Alte Reben<\/strong><\/p>\n<p style=\"text-align: center;\">Chardonnay &#8222;Alte Reben&#8220;<\/p>\n<p style=\"text-align: center;\">Silvaner &#8222;Alte Reben&#8220;<\/p>\n<\/div><\/section><\/p><\/div>\n\n<style type=\"text\/css\" data-created_by=\"avia_inline_auto\" id=\"style-css-av-9jk4-c1bcf74d54d35d18373d09e08503f89e\">\n#top .hr.hr-invisible.av-9jk4-c1bcf74d54d35d18373d09e08503f89e{\nheight:30px;\n}\n<\/style>\n<div  class='hr av-9jk4-c1bcf74d54d35d18373d09e08503f89e hr-invisible  avia-builder-el-11  el_after_av_one_full  el_before_av_codeblock '><span class='hr-inner '><span class=\"hr-inner-style\"><\/span><\/span><\/div>\n\n<div class='flex_column av-9xj6-caf997925669622f5850b2adf2bfdaef av_one_full  avia-builder-el-13  el_after_av_codeblock  el_before_av_hr  first flex_column_div '     ><p>\n<style type=\"text\/css\" data-created_by=\"avia_inline_auto\" id=\"style-css-av-lgow8825-fce37d812ba6f6fee7733a359d045c40\">\n#top .av-special-heading.av-lgow8825-fce37d812ba6f6fee7733a359d045c40{\npadding-bottom:10px;\n}\nbody .av-special-heading.av-lgow8825-fce37d812ba6f6fee7733a359d045c40 .av-special-heading-tag .heading-char{\nfont-size:25px;\n}\n.av-special-heading.av-lgow8825-fce37d812ba6f6fee7733a359d045c40 .av-subheading{\nfont-size:15px;\n}\n<\/style>\n<div  class='av-special-heading av-lgow8825-fce37d812ba6f6fee7733a359d045c40 av-special-heading-h1  avia-builder-el-14  el_before_av_image  avia-builder-el-first '><h1 class='av-special-heading-tag'  itemprop=\"headline\"  >Weinlagen<\/h1><div class=\"special-heading-border\"><div class=\"special-heading-inner-border\"><\/div><\/div><\/div><br \/>\n\n<style type=\"text\/css\" data-created_by=\"avia_inline_auto\" id=\"style-css-av-lgow8uh5-51caec2f3a5488641a8f9816a3b952a9\">\n.avia-image-container.av-lgow8uh5-51caec2f3a5488641a8f9816a3b952a9 img.avia_image{\nbox-shadow:none;\n}\n.avia-image-container.av-lgow8uh5-51caec2f3a5488641a8f9816a3b952a9 .av-image-caption-overlay-center{\ncolor:#ffffff;\n}\n<\/style>\n<div  class='avia-image-container av-lgow8uh5-51caec2f3a5488641a8f9816a3b952a9 av-styling- avia-align-center  avia-builder-el-15  el_after_av_heading  el_before_av_textblock '   itemprop=\"image\" itemscope=\"itemscope\" itemtype=\"https:\/\/schema.org\/ImageObject\" ><div class=\"avia-image-container-inner\"><div class=\"avia-image-overlay-wrap\"><img decoding=\"async\" class='wp-image-19 avia-img-lazy-loading-not-19 avia_image ' src=\"https:\/\/dreihornmuehle.de\/wp2\/wp-content\/uploads\/2023\/04\/web_Weine2.jpg\" alt='' title='web_Weine2'  height=\"1000\" width=\"1500\"  itemprop=\"thumbnailUrl\" srcset=\"https:\/\/dreihornmuehle.de\/wp2\/wp-content\/uploads\/2023\/04\/web_Weine2.jpg 1500w, https:\/\/dreihornmuehle.de\/wp2\/wp-content\/uploads\/2023\/04\/web_Weine2-300x200.jpg 300w, https:\/\/dreihornmuehle.de\/wp2\/wp-content\/uploads\/2023\/04\/web_Weine2-1030x687.jpg 1030w, https:\/\/dreihornmuehle.de\/wp2\/wp-content\/uploads\/2023\/04\/web_Weine2-768x512.jpg 768w, https:\/\/dreihornmuehle.de\/wp2\/wp-content\/uploads\/2023\/04\/web_Weine2-705x470.jpg 705w\" sizes=\"(max-width: 1500px) 100vw, 1500px\" \/><\/div><\/div><\/div><br \/>\n<section  class='av_textblock_section av-lgow9yrz-b5bcbaa1529e846ed1c6ce70360da978'  itemscope=\"itemscope\" itemtype=\"https:\/\/schema.org\/CreativeWork\" ><div class='avia_textblock'  itemprop=\"text\" ><p style=\"text-align: center;\"><b>Westhofener Kirchspiel:<\/b><br \/>\nDie Weinlage ist im Westen und Norden durch eine H\u00fcgelreihe vor kalten Winden gut gesch\u00fctzt. Dieses ist der Grund, f\u00fcr das hervorragende Kleinklima.<br \/>\nDer Boden ist gepr\u00e4gt von Tonmergel mit Kalksteineinlagen. Der Untergrund wird von Kalkstein dominiert. Dieser gibt den Weinen gro\u00dfe Mineralit\u00e4t und Lagerf\u00e4higkeit. Bereits 1348 wurde die Lage Kirchspiel in einer Schenkungsurkunde erw\u00e4hnt.<\/p>\n<p style=\"text-align: center;\"><b>Westhofener Steingrube:<br \/>\n<\/b>Die Westhofener Steingrube ist eine S\u00fcdlage. Unsere Weine wachsen hier auf einem lehmigen Boden mit Kalksteineinlagen. Die besten Parzellen unseres Weingutes, befinden sich im mittleren, steinigen Teil. Hier ragen die Kalksteinfelsen an manchen Stellen, bis kurz vor die Erdoberfl\u00e4che. Dieses sind optimale Voraussetzungen f\u00fcr Weine mit einer gro\u00dfen Mineralit\u00e4t und Lagerf\u00e4higkeit.<\/p>\n<\/div><\/section><\/p><\/div>\n\n<style type=\"text\/css\" data-created_by=\"avia_inline_auto\" id=\"style-css-av-7byu-64fefc2775f9b3578d5adeda25a8f72d\">\n#top .hr.hr-invisible.av-7byu-64fefc2775f9b3578d5adeda25a8f72d{\nheight:30px;\n}\n<\/style>\n<div  class='hr av-7byu-64fefc2775f9b3578d5adeda25a8f72d hr-invisible  avia-builder-el-17  el_after_av_one_full  el_before_av_codeblock '><span class='hr-inner '><span class=\"hr-inner-style\"><\/span><\/span><\/div>\n\n<div class='flex_column av-7410-cefc62860c76b7b91556efba86b6d36b av_one_full  avia-builder-el-19  el_after_av_codeblock  el_before_av_hr  first flex_column_div '     ><p>\n<style type=\"text\/css\" data-created_by=\"avia_inline_auto\" id=\"style-css-av-lgowbeye-49abb5331e57fdf3257e4df48b14c36c\">\n#top .av-special-heading.av-lgowbeye-49abb5331e57fdf3257e4df48b14c36c{\npadding-bottom:10px;\n}\nbody .av-special-heading.av-lgowbeye-49abb5331e57fdf3257e4df48b14c36c .av-special-heading-tag .heading-char{\nfont-size:25px;\n}\n.av-special-heading.av-lgowbeye-49abb5331e57fdf3257e4df48b14c36c .av-subheading{\nfont-size:15px;\n}\n<\/style>\n<div  class='av-special-heading av-lgowbeye-49abb5331e57fdf3257e4df48b14c36c av-special-heading-h1  avia-builder-el-20  el_before_av_image  avia-builder-el-first '><h1 class='av-special-heading-tag'  itemprop=\"headline\"  >Auszeichnungen<\/h1><div class=\"special-heading-border\"><div class=\"special-heading-inner-border\"><\/div><\/div><\/div><br \/>\n\n<style type=\"text\/css\" data-created_by=\"avia_inline_auto\" id=\"style-css-av-lgowc9r3-9f1078c7f8375446b90830b3f5d624f0\">\n.avia-image-container.av-lgowc9r3-9f1078c7f8375446b90830b3f5d624f0 img.avia_image{\nbox-shadow:none;\n}\n.avia-image-container.av-lgowc9r3-9f1078c7f8375446b90830b3f5d624f0 .av-image-caption-overlay-center{\ncolor:#ffffff;\n}\n<\/style>\n<div  class='avia-image-container av-lgowc9r3-9f1078c7f8375446b90830b3f5d624f0 av-styling- avia-align-center  avia-builder-el-21  el_after_av_heading  el_before_av_textblock '   itemprop=\"image\" itemscope=\"itemscope\" itemtype=\"https:\/\/schema.org\/ImageObject\" ><div class=\"avia-image-container-inner\"><div class=\"avia-image-overlay-wrap\"><img decoding=\"async\" class='wp-image-20 avia-img-lazy-loading-not-20 avia_image ' src=\"https:\/\/dreihornmuehle.de\/wp2\/wp-content\/uploads\/2023\/04\/web_Weine3.jpg\" alt='' title='web_Weine3'  height=\"321\" width=\"800\"  itemprop=\"thumbnailUrl\" srcset=\"https:\/\/dreihornmuehle.de\/wp2\/wp-content\/uploads\/2023\/04\/web_Weine3.jpg 800w, https:\/\/dreihornmuehle.de\/wp2\/wp-content\/uploads\/2023\/04\/web_Weine3-300x120.jpg 300w, https:\/\/dreihornmuehle.de\/wp2\/wp-content\/uploads\/2023\/04\/web_Weine3-768x308.jpg 768w, https:\/\/dreihornmuehle.de\/wp2\/wp-content\/uploads\/2023\/04\/web_Weine3-705x283.jpg 705w\" sizes=\"(max-width: 800px) 100vw, 800px\" \/><\/div><\/div><\/div><br \/>\n<section  class='av_textblock_section av-lgowbpkb-e8f5cc0bd857cb1a752b1727559818f3'  itemscope=\"itemscope\" itemtype=\"https:\/\/schema.org\/CreativeWork\" ><div class='avia_textblock'  itemprop=\"text\" ><p style=\"text-align: center;\"><strong>Maxime Herkunft Rheinhessen<\/strong> ist die von Verb\u00e4nden und staatlichen Institutionen unabh\u00e4ngige, privatrechtliche Initiative f\u00fchrender Betriebe in Rheinhessen.\u00a0 Diese Winzervereinigung verbindet die Spitzenbetriebe der Region mit aufstrebenden Weinmachertalenten. Die Mitglieder haben sich Rheinhessens Profilierung verschrieben und stehen f\u00fcr Weine mit Herkunftscharakter, die in Dynamik und Weinqualit\u00e4t vorangehen.<\/p>\n<\/div><\/section><\/p><\/div>\n\n<style type=\"text\/css\" data-created_by=\"avia_inline_auto\" id=\"style-css-av-2au-081ed5ccd0051d66c2d1f2433bc847a9\">\n#top .hr.hr-invisible.av-2au-081ed5ccd0051d66c2d1f2433bc847a9{\nheight:30px;\n}\n<\/style>\n<div  class='hr av-2au-081ed5ccd0051d66c2d1f2433bc847a9 hr-invisible  avia-builder-el-23  el_after_av_one_full  el_before_av_codeblock '><span class='hr-inner '><span class=\"hr-inner-style\"><\/span><\/span><\/div>\n\n<div class='flex_column av-kum-cc2abdcbe26f9303840c77209b553a02 av_one_full  avia-builder-el-25  el_after_av_codeblock  el_before_av_textblock  first flex_column_div '     ><p>\n<style type=\"text\/css\" data-created_by=\"avia_inline_auto\" id=\"style-css-av-lgowipmb-1689a51b02c87001cc1d71353f9dea6f\">\n#top .av-special-heading.av-lgowipmb-1689a51b02c87001cc1d71353f9dea6f{\npadding-bottom:10px;\n}\nbody .av-special-heading.av-lgowipmb-1689a51b02c87001cc1d71353f9dea6f .av-special-heading-tag .heading-char{\nfont-size:25px;\n}\n.av-special-heading.av-lgowipmb-1689a51b02c87001cc1d71353f9dea6f .av-subheading{\nfont-size:15px;\n}\n<\/style>\n<div  class='av-special-heading av-lgowipmb-1689a51b02c87001cc1d71353f9dea6f av-special-heading-h1  avia-builder-el-26  el_before_av_image  avia-builder-el-first '><h1 class='av-special-heading-tag'  itemprop=\"headline\"  >Weinliste<\/h1><div class=\"special-heading-border\"><div class=\"special-heading-inner-border\"><\/div><\/div><\/div><br \/>\n\n<style type=\"text\/css\" data-created_by=\"avia_inline_auto\" id=\"style-css-av-lgqdkgff-0210c6d6c7e23750c19b69af8a5fc3d4\">\n.avia-image-container.av-lgqdkgff-0210c6d6c7e23750c19b69af8a5fc3d4 img.avia_image{\nbox-shadow:none;\n}\n.avia-image-container.av-lgqdkgff-0210c6d6c7e23750c19b69af8a5fc3d4 .av-image-caption-overlay-center{\ncolor:#ffffff;\n}\n<\/style>\n<div  class='avia-image-container av-lgqdkgff-0210c6d6c7e23750c19b69af8a5fc3d4 av-styling- avia-align-center  avia-builder-el-27  el_after_av_heading  avia-builder-el-last '   itemprop=\"image\" itemscope=\"itemscope\" itemtype=\"https:\/\/schema.org\/ImageObject\" ><div class=\"avia-image-container-inner\"><div class=\"avia-image-overlay-wrap\"><img decoding=\"async\" class='wp-image-61 avia-img-lazy-loading-not-61 avia_image ' src=\"https:\/\/dreihornmuehle.de\/wp2\/wp-content\/uploads\/2023\/04\/Weine4-scaled-e1682074620741.jpg\" alt='' title='Weine4'  height=\"1000\" width=\"1500\"  itemprop=\"thumbnailUrl\" srcset=\"https:\/\/dreihornmuehle.de\/wp2\/wp-content\/uploads\/2023\/04\/Weine4-scaled-e1682074620741.jpg 1500w, https:\/\/dreihornmuehle.de\/wp2\/wp-content\/uploads\/2023\/04\/Weine4-scaled-e1682074620741-300x200.jpg 300w, https:\/\/dreihornmuehle.de\/wp2\/wp-content\/uploads\/2023\/04\/Weine4-scaled-e1682074620741-1030x687.jpg 1030w, https:\/\/dreihornmuehle.de\/wp2\/wp-content\/uploads\/2023\/04\/Weine4-scaled-e1682074620741-768x512.jpg 768w, https:\/\/dreihornmuehle.de\/wp2\/wp-content\/uploads\/2023\/04\/Weine4-scaled-e1682074620741-705x470.jpg 705w\" sizes=\"(max-width: 1500px) 100vw, 1500px\" \/><\/div><\/div><\/div><\/p><\/div>\n<section  class='av_textblock_section av-m9jhw6cz-8b62bf7b0d5470364330b05e8aa81064'  itemscope=\"itemscope\" itemtype=\"https:\/\/schema.org\/CreativeWork\" ><div class='avia_textblock'  itemprop=\"text\" >\n<div class=\"wpcf7 no-js\" id=\"wpcf7-f1109-o1\" lang=\"de-DE\" dir=\"ltr\" data-wpcf7-id=\"1109\">\n<div class=\"screen-reader-response\"><p role=\"status\" aria-live=\"polite\" aria-atomic=\"true\"><\/p> <ul><\/ul><\/div>\n<form action=\"\/wp2\/wp-json\/wp\/v2\/pages\/2#wpcf7-f1109-o1\" method=\"post\" class=\"wpcf7-form init\" aria-label=\"Kontaktformular\" novalidate=\"novalidate\" data-status=\"init\">\n<fieldset class=\"hidden-fields-container\"><input type=\"hidden\" name=\"_wpcf7\" value=\"1109\" \/><input type=\"hidden\" name=\"_wpcf7_version\" value=\"6.1.4\" \/><input type=\"hidden\" name=\"_wpcf7_locale\" value=\"de_DE\" \/><input type=\"hidden\" name=\"_wpcf7_unit_tag\" value=\"wpcf7-f1109-o1\" \/><input type=\"hidden\" name=\"_wpcf7_container_post\" value=\"0\" \/><input type=\"hidden\" name=\"_wpcf7_posted_data_hash\" value=\"\" \/>\n<\/fieldset>\n<h3>Gerne senden wir Ihnen unsere aktuelle Weinliste zu.\n<\/h3>\n<p><label> Name<br \/>\n<span class=\"wpcf7-form-control-wrap\" data-name=\"your-name\"><input size=\"40\" maxlength=\"400\" class=\"wpcf7-form-control wpcf7-text wpcf7-validates-as-required\" autocomplete=\"name\" aria-required=\"true\" aria-invalid=\"false\" value=\"\" type=\"text\" name=\"your-name\" \/><\/span> <\/label>\n<\/p>\n<p><label> E-Mail-Adresse<br \/>\n<span class=\"wpcf7-form-control-wrap\" data-name=\"your-email\"><input size=\"40\" maxlength=\"400\" class=\"wpcf7-form-control wpcf7-email wpcf7-validates-as-required wpcf7-text wpcf7-validates-as-email\" autocomplete=\"email\" aria-required=\"true\" aria-invalid=\"false\" value=\"\" type=\"email\" name=\"your-email\" \/><\/span> <\/label>\n<\/p>\n<p><label> Sie sind H\u00e4ndler? Bitte vermerken.<br \/>\n<span class=\"wpcf7-form-control-wrap\" data-name=\"your-message\"><textarea cols=\"40\" rows=\"10\" maxlength=\"2000\" class=\"wpcf7-form-control wpcf7-textarea\" aria-invalid=\"false\" name=\"your-message\"><\/textarea><\/span> <\/label>\n<\/p>\n<p><span id=\"wpcf7-69edf5be8d8e3-wrapper\" class=\"wpcf7-form-control-wrap weinliste-997-wrap\" style=\"display:none !important; visibility:hidden !important;\"><label for=\"wpcf7-69edf5be8d8e3-field\" class=\"hp-message\">Bitte lasse dieses Feld leer.<\/label><input id=\"wpcf7-69edf5be8d8e3-field\"  class=\"wpcf7-form-control wpcf7-text\" type=\"text\" name=\"weinliste-997\" value=\"\" size=\"40\" tabindex=\"-1\" autocomplete=\"new-password\" \/><\/span><br \/>\n<input class=\"wpcf7-form-control wpcf7-submit has-spinner\" type=\"submit\" value=\"Senden\" \/>\n<\/p><div class=\"wpcf7-response-output\" aria-hidden=\"true\"><\/div>\n<\/form>\n<\/div>\n\n<\/div><\/section>\n\n<style type=\"text\/css\" data-created_by=\"avia_inline_auto\" id=\"style-css-av-lgpgo32i-91f5662d22a12d0852c4ce696122b155\">\n#top .hr.hr-invisible.av-lgpgo32i-91f5662d22a12d0852c4ce696122b155{\nheight:30px;\n}\n<\/style>\n<div  class='hr av-lgpgo32i-91f5662d22a12d0852c4ce696122b155 hr-invisible  avia-builder-el-29  el_after_av_textblock  el_before_av_codeblock '><span class='hr-inner '><span class=\"hr-inner-style\"><\/span><\/span><\/div>\n\n<div class='flex_column av-2q3q-52c36d6abb988cc4e6b9a67368a11bfd av_one_full  avia-builder-el-31  el_after_av_codeblock  el_before_av_one_full  first flex_column_div '     ><p>\n<style type=\"text\/css\" data-created_by=\"avia_inline_auto\" id=\"style-css-av-lgowjesp-f62fa6106722ed2d0aed83e3e44244ae\">\n#top .av-special-heading.av-lgowjesp-f62fa6106722ed2d0aed83e3e44244ae{\npadding-bottom:10px;\n}\nbody .av-special-heading.av-lgowjesp-f62fa6106722ed2d0aed83e3e44244ae .av-special-heading-tag .heading-char{\nfont-size:25px;\n}\n.av-special-heading.av-lgowjesp-f62fa6106722ed2d0aed83e3e44244ae .av-subheading{\nfont-size:15px;\n}\n<\/style>\n<div  class='av-special-heading av-lgowjesp-f62fa6106722ed2d0aed83e3e44244ae av-special-heading-h1  avia-builder-el-32  el_before_av_textblock  avia-builder-el-first '><h1 class='av-special-heading-tag'  itemprop=\"headline\"  >Wohnmobilstellpl\u00e4tze<\/h1><div class=\"special-heading-border\"><div class=\"special-heading-inner-border\"><\/div><\/div><\/div><br \/>\n<section  class='av_textblock_section av-lgowkhjo-7b8e054fe36ef8fb27e10fc947a9302e'  itemscope=\"itemscope\" itemtype=\"https:\/\/schema.org\/CreativeWork\" ><div class='avia_textblock'  itemprop=\"text\" ><p style=\"text-align: center;\">Direkt vor unserem Weingut, bieten wir drei Stellpl\u00e4tze auf einer Wiese am Rande unserer Weinreben an.\u00a0 Der Stellplatz ist 24 Std. nutzbar. Der Preis betr\u00e4gt 15 Euro pro Wohnmobil\/Tag. F\u00fcr Stromverbrauch berechnen wir 2 Euro\/Tag. Bei einem Einkauf von 6 Flaschen Wein entf\u00e4llt die Stellplatzgeb\u00fchr pro Tag. F\u00fcr eine Weinprobe stehen wir Ihnen nach Absprache gerne zur Verf\u00fcgung. Eine E+V+A \u2013 Entsorgungsstation befindet sich ca. 800 m entfernt bei der Raiffeisentankstelle am Ortsausgang Richtung A61\/Gundersheim.<\/p>\n<\/div><\/section><br \/>\n\n<style type=\"text\/css\" data-created_by=\"avia_inline_auto\" id=\"style-css-av-2fb4-e9a5da4d97cefe80725f3f5461865f18\">\n#top .hr.hr-invisible.av-2fb4-e9a5da4d97cefe80725f3f5461865f18{\nheight:30px;\n}\n<\/style>\n<div  class='hr av-2fb4-e9a5da4d97cefe80725f3f5461865f18 hr-invisible  avia-builder-el-34  el_after_av_textblock  avia-builder-el-last '><span class='hr-inner '><span class=\"hr-inner-style\"><\/span><\/span><\/div><\/p><\/div><div class='flex_column av-cok6-f756b589e65c7db01769363b9f8b9f1c av_one_full  avia-builder-el-35  el_after_av_one_full  el_before_av_one_full  first flex_column_div column-top-margin'     ><p>\n<style type=\"text\/css\" data-created_by=\"avia_inline_auto\" id=\"style-css-av-lgpgzqsm-ed0785e46a87ce9c49a29b13573c2d7e\">\n#top .av-special-heading.av-lgpgzqsm-ed0785e46a87ce9c49a29b13573c2d7e{\npadding-bottom:10px;\n}\nbody .av-special-heading.av-lgpgzqsm-ed0785e46a87ce9c49a29b13573c2d7e .av-special-heading-tag .heading-char{\nfont-size:25px;\n}\n.av-special-heading.av-lgpgzqsm-ed0785e46a87ce9c49a29b13573c2d7e .av-subheading{\nfont-size:15px;\n}\n<\/style>\n<div  class='av-special-heading av-lgpgzqsm-ed0785e46a87ce9c49a29b13573c2d7e av-special-heading-h1  avia-builder-el-36  el_before_av_textblock  avia-builder-el-first '><h1 class='av-special-heading-tag'  itemprop=\"headline\"  >Kontakt<\/h1><div class=\"special-heading-border\"><div class=\"special-heading-inner-border\"><\/div><\/div><\/div><br \/>\n<section  class='av_textblock_section av-lgph0ane-e384f1ca9433e4917b0808015bf2426f'  itemscope=\"itemscope\" itemtype=\"https:\/\/schema.org\/CreativeWork\" ><div class='avia_textblock'  itemprop=\"text\" ><p style=\"text-align: center;\">Weingut Dreihornm\u00fchle GbR<br \/>\nFabian Ring und Fred Orb<br \/>\nAn der Brennerei 35<br \/>\nD-67593 Westhofen<\/p>\n<p style=\"text-align: center;\"><strong>Telefon 06244 \/ 884 <\/strong><br \/>\n<strong> Telefax 06244 \/ 909829<\/strong><br \/>\n<strong> e-Mail info@weingutdreihornmuehle.de<\/strong><\/p>\n<\/div><\/section><br \/>\n\n<style type=\"text\/css\" data-created_by=\"avia_inline_auto\" id=\"style-css-av-akdo-780d587d2ee23c0d05f17172da235e5b\">\n#top .hr.hr-invisible.av-akdo-780d587d2ee23c0d05f17172da235e5b{\nheight:30px;\n}\n<\/style>\n<div  class='hr av-akdo-780d587d2ee23c0d05f17172da235e5b hr-invisible  avia-builder-el-38  el_after_av_textblock  el_before_av_heading '><span class='hr-inner '><span class=\"hr-inner-style\"><\/span><\/span><\/div><br \/>\n\n<style type=\"text\/css\" data-created_by=\"avia_inline_auto\" id=\"style-css-av-7cui-08c43d2b6531b9fb30877c6becdaddac\">\n#top .av-special-heading.av-7cui-08c43d2b6531b9fb30877c6becdaddac{\npadding-bottom:10px;\n}\nbody .av-special-heading.av-7cui-08c43d2b6531b9fb30877c6becdaddac .av-special-heading-tag .heading-char{\nfont-size:25px;\n}\n.av-special-heading.av-7cui-08c43d2b6531b9fb30877c6becdaddac .av-subheading{\nfont-size:15px;\n}\n<\/style>\n<div  class='av-special-heading av-7cui-08c43d2b6531b9fb30877c6becdaddac av-special-heading-h1  avia-builder-el-39  el_after_av_hr  el_before_av_toggle_container '><h1 class='av-special-heading-tag'  itemprop=\"headline\"  >Impressum \/ Datenschutz<\/h1><div class=\"special-heading-border\"><div class=\"special-heading-inner-border\"><\/div><\/div><\/div><br \/>\n<div  class='togglecontainer av-4yea-286e8e46f67b74b8cf5e747a6c5e89d7  avia-builder-el-40  el_after_av_heading  avia-builder-el-last  toggle_close_all' >\n<section class='av_toggle_section av-45zs-77dd38c648152c41f4842623e37eb68c'  itemscope=\"itemscope\" itemtype=\"https:\/\/schema.org\/CreativeWork\" ><div role=\"tablist\" class=\"single_toggle\" data-tags=\"{Alle} \"  ><p data-fake-id='#toggle-id-1' class='toggler   '  itemprop=\"headline\"  role='tab' tabindex='0' aria-controls='toggle-id-1'>Impressum \/ Datenschutz<span class=\"toggle_icon\"><span class=\"vert_icon\"><\/span><span class=\"hor_icon\"><\/span><\/span><\/p><div id='toggle-id-1' class='toggle_wrap  '  ><div class='toggle_content invers-color '  itemprop=\"text\" ><h1>Impressum \/ Datenschutz<\/h1>\n<p>Weingut Dreihornm\u00fchle GbR<br \/>\nFred Orb und Fabian Ring<br \/>\nAn der Brennerei 35<br \/>\nD-67593 Westhofen<\/p>\n<p>Telefon 06244 \/ 884 oder 4409<br \/>\nTelefax 06244 \/ 909829<br \/>\ne-Mail info@weingutdreihornmuehle.de<\/p>\n<p>Aufsichtsbeh\u00f6rde:<br \/>\nMinisterium f\u00fcr Umwelt, Landwirtschaft, Ern\u00e4hrung,Weinbau und Forsten, Kaiser-Friedrich-Str. 1 55116 Mainz<\/p>\n<p>Wir sind Mitglied bei der Landwirtschaftskammer Rheinland-Pfalz, die gesetzliche Grundlage ist das Weingesetz.<\/p>\n<p>Gem\u00e4\u00df \u00a7 28 BDSG widerspreche ich jeder kommerziellen Verwendung und Weitergabe meiner Daten.<\/p>\n<p>Verantwortungsbereich:<br \/>\nDas Impressum gilt nur f\u00fcr die Internetpr\u00e4senz unter der Adresse: www.dreihornmuehle.de.<br \/>\nAbgrenzung: Die Web-Pr\u00e4senz ist Teil des WWW und dementsprechend mit fremden, sich jederzeit wandeln k\u00f6nnenden Web-Sites verkn\u00fcpft, die folglich auch nicht diesem Verantwortungsbereich unterliegen und f\u00fcr die nachfolgende Informationen nicht gelten. Dass die Links weder gegen Sitten noch Gesetze versto\u00dfen, wurde genau einmal gepr\u00fcft: bevor sie hier aufgenommen wurden. Solche Links, die zu fremden Webprojekten f\u00fchren, erkennen Sie daran: neues Browserfenster<\/p>\n<p>Verantwortliche Ansprechperson:<br \/>\nFred Orb<br \/>\nAn der Brennerei 35<br \/>\n67593 Westhofen<\/p>\n<p>Schnelle elektronische und unmittelbare Kommunikation:<br \/>\ninfo@weingutdreihornmuehle.de<\/p>\n<p>Ust.-ID-Nr.: DE 219146943<\/p>\n<p>Zweck dieses Webprojektes:<br \/>\nVorstellung Weingut Dreihornm\u00fchle<\/p>\n<p>Journalistisch-redaktionelle Verantwortung:<br \/>\nFred Orb<br \/>\nUrheberschutz und Nutzung<br \/>\nDer Urheber r\u00e4umt Ihnen ganz konkret das Nutzungsrecht ein, sich eine private Kopie f\u00fcr pers\u00f6nliche Zwecke anzufertigen. Nicht berechtigt sind Sie dagegen, die Materialien zu ver\u00e4ndern und \/oder weiter zu geben oder gar selbst zu ver\u00f6ffentlichen.<br \/>\nWenn nicht ausdr\u00fccklich anders vermerkt, liegen die Urheberrechte f\u00fcr Texte bei: Fred Orb<br \/>\nDie meisten Illustrationen und Fotos unterliegen den Urheberrechten von: Klaudia Sch\u00e4fer<\/p>\n<h4>Datenschutzerkl\u00e4rung<\/h4>\n<p>Wir freuen uns sehr \u00fcber Ihr Interesse an unserem Unternehmen. Datenschutz hat einen besonders hohen Stellenwert f\u00fcr die Gesch\u00e4ftsleitung der Weingut Dreihornm\u00fchle Fred Orb. Eine Nutzung der Internetseiten der Weingut Dreihornm\u00fchle Fred Orb ist grunds\u00e4tzlich ohne jede Angabe personenbezogener Daten m\u00f6glich. Sofern eine betroffene Person besondere Services unseres Unternehmens \u00fcber unsere Internetseite in Anspruch nehmen m\u00f6chte, k\u00f6nnte jedoch eine Verarbeitung personenbezogener Daten erforderlich werden. Ist die Verarbeitung personenbezogener Daten erforderlich und besteht f\u00fcr eine solche Verarbeitung keine gesetzliche Grundlage, holen wir generell eine Einwilligung der betroffenen Person ein.<\/p>\n<p>Die Verarbeitung personenbezogener Daten, beispielsweise des Namens, der Anschrift, E-Mail-Adresse oder Telefonnummer einer betroffenen Person, erfolgt stets im Einklang mit der Datenschutz-Grundverordnung und in \u00dcbereinstimmung mit den f\u00fcr die Weingut Dreihornm\u00fchle Fred Orb geltenden landesspezifischen Datenschutzbestimmungen. Mittels dieser Datenschutzerkl\u00e4rung m\u00f6chte unser Unternehmen die \u00d6ffentlichkeit \u00fcber Art, Umfang und Zweck der von uns erhobenen, genutzten und verarbeiteten personenbezogenen Daten informieren. Ferner werden betroffene Personen mittels dieser Datenschutzerkl\u00e4rung \u00fcber die ihnen zustehenden Rechte aufgekl\u00e4rt.<\/p>\n<p>Die Weingut Dreihornm\u00fchle Fred Orb hat als f\u00fcr die Verarbeitung Verantwortlicher zahlreiche technische und organisatorische Ma\u00dfnahmen umgesetzt, um einen m\u00f6glichst l\u00fcckenlosen Schutz der \u00fcber diese Internetseite verarbeiteten personenbezogenen Daten sicherzustellen. Dennoch k\u00f6nnen Internetbasierte Daten\u00fcbertragungen grunds\u00e4tzlich Sicherheitsl\u00fccken aufweisen, sodass ein absoluter Schutz nicht gew\u00e4hrleistet werden kann. Aus diesem Grund steht es jeder betroffenen Person frei, personenbezogene Daten auch auf alternativen Wegen, beispielsweise telefonisch, an uns zu \u00fcbermitteln.<\/p>\n<h4>1. Begriffsbestimmungen<\/h4>\n<p>Die Datenschutzerkl\u00e4rung der Weingut Dreihornm\u00fchle Fred Orb beruht auf den Begrifflichkeiten, die durch den Europ\u00e4ischen Richtlinien- und Verordnungsgeber beim Erlass der Datenschutz-Grundverordnung (DS-GVO) verwendet wurden. Unsere Datenschutzerkl\u00e4rung soll sowohl f\u00fcr die \u00d6ffentlichkeit als auch f\u00fcr unsere Kunden und Gesch\u00e4ftspartner einfach lesbar und verst\u00e4ndlich sein. Um dies zu gew\u00e4hrleisten, m\u00f6chten wir vorab die verwendeten Begrifflichkeiten erl\u00e4utern.<\/p>\n<p>Wir verwenden in dieser Datenschutzerkl\u00e4rung unter anderem die folgenden Begriffe:<\/p>\n<ul>\n<li>\n<h4>a)\u00a0\u00a0\u00a0 personenbezogene Daten<\/h4>\n<p>Personenbezogene Daten sind alle Informationen, die sich auf eine identifizierte oder identifizierbare nat\u00fcrliche Person (im Folgenden \u201ebetroffene Person\u201c) beziehen. Als identifizierbar wird eine nat\u00fcrliche Person angesehen, die direkt oder indirekt, insbesondere mittels Zuordnung zu einer Kennung wie einem Namen, zu einer Kennnummer, zu Standortdaten, zu einer Online-Kennung oder zu einem oder mehreren besonderen Merkmalen, die Ausdruck der physischen, physiologischen, genetischen, psychischen, wirtschaftlichen, kulturellen oder sozialen Identit\u00e4t dieser nat\u00fcrlichen Person sind, identifiziert werden kann.<\/li>\n<li>\n<h4>b)\u00a0\u00a0\u00a0 betroffene Person<\/h4>\n<p>Betroffene Person ist jede identifizierte oder identifizierbare nat\u00fcrliche Person, deren personenbezogene Daten von dem f\u00fcr die Verarbeitung Verantwortlichen verarbeitet werden.<\/li>\n<li>\n<h4>c)\u00a0\u00a0\u00a0 Verarbeitung<\/h4>\n<p>Verarbeitung ist jeder mit oder ohne Hilfe automatisierter Verfahren ausgef\u00fchrte Vorgang oder jede solche Vorgangsreihe im Zusammenhang mit personenbezogenen Daten wie das Erheben, das Erfassen, die Organisation, das Ordnen, die Speicherung, die Anpassung oder Ver\u00e4nderung, das Auslesen, das Abfragen, die Verwendung, die Offenlegung durch \u00dcbermittlung, Verbreitung oder eine andere Form der Bereitstellung, den Abgleich oder die Verkn\u00fcpfung, die Einschr\u00e4nkung, das L\u00f6schen oder die Vernichtung.<\/li>\n<li>\n<h4>d)\u00a0\u00a0\u00a0 Einschr\u00e4nkung der Verarbeitung<\/h4>\n<p>Einschr\u00e4nkung der Verarbeitung ist die Markierung gespeicherter personenbezogener Daten mit dem Ziel, ihre k\u00fcnftige Verarbeitung einzuschr\u00e4nken.<\/li>\n<li>\n<h4>e)\u00a0\u00a0\u00a0 Profiling<\/h4>\n<p>Profiling ist jede Art der automatisierten Verarbeitung personenbezogener Daten, die darin besteht, dass diese personenbezogenen Daten verwendet werden, um bestimmte pers\u00f6nliche Aspekte, die sich auf eine nat\u00fcrliche Person beziehen, zu bewerten, insbesondere, um Aspekte bez\u00fcglich Arbeitsleistung, wirtschaftlicher Lage, Gesundheit, pers\u00f6nlicher Vorlieben, Interessen, Zuverl\u00e4ssigkeit, Verhalten, Aufenthaltsort oder Ortswechsel dieser nat\u00fcrlichen Person zu analysieren oder vorherzusagen.<\/li>\n<li>\n<h4>f)\u00a0\u00a0\u00a0\u00a0 Pseudonymisierung<\/h4>\n<p>Pseudonymisierung ist die Verarbeitung personenbezogener Daten in einer Weise, auf welche die personenbezogenen Daten ohne Hinzuziehung zus\u00e4tzlicher Informationen nicht mehr einer spezifischen betroffenen Person zugeordnet werden k\u00f6nnen, sofern diese zus\u00e4tzlichen Informationen gesondert aufbewahrt werden und technischen und organisatorischen Ma\u00dfnahmen unterliegen, die gew\u00e4hrleisten, dass die personenbezogenen Daten nicht einer identifizierten oder identifizierbaren nat\u00fcrlichen Person zugewiesen werden.<\/li>\n<li>\n<h4>g)\u00a0\u00a0\u00a0 Verantwortlicher oder f\u00fcr die Verarbeitung Verantwortlicher<\/h4>\n<p>Verantwortlicher oder f\u00fcr die Verarbeitung Verantwortlicher ist die nat\u00fcrliche oder juristische Person, Beh\u00f6rde, Einrichtung oder andere Stelle, die allein oder gemeinsam mit anderen \u00fcber die Zwecke und Mittel der Verarbeitung von personenbezogenen Daten entscheidet. Sind die Zwecke und Mittel dieser Verarbeitung durch das Unionsrecht oder das Recht der Mitgliedstaaten vorgegeben, so kann der Verantwortliche beziehungsweise k\u00f6nnen die bestimmten Kriterien seiner Benennung nach dem Unionsrecht oder dem Recht der Mitgliedstaaten vorgesehen werden.<\/li>\n<li>\n<h4>h)\u00a0\u00a0\u00a0 Auftragsverarbeiter<\/h4>\n<p>Auftragsverarbeiter ist eine nat\u00fcrliche oder juristische Person, Beh\u00f6rde, Einrichtung oder andere Stelle, die personenbezogene Daten im Auftrag des Verantwortlichen verarbeitet.<\/li>\n<li>\n<h4>i)\u00a0\u00a0\u00a0\u00a0\u00a0 Empf\u00e4nger<\/h4>\n<p>Empf\u00e4nger ist eine nat\u00fcrliche oder juristische Person, Beh\u00f6rde, Einrichtung oder andere Stelle, der personenbezogene Daten offengelegt werden, unabh\u00e4ngig davon, ob es sich bei ihr um einen Dritten handelt oder nicht. Beh\u00f6rden, die im Rahmen eines bestimmten Untersuchungsauftrags nach dem Unionsrecht oder dem Recht der Mitgliedstaaten m\u00f6glicherweise personenbezogene Daten erhalten, gelten jedoch nicht als Empf\u00e4nger.<\/li>\n<li>\n<h4>j)\u00a0\u00a0\u00a0\u00a0\u00a0 Dritter<\/h4>\n<p>Dritter ist eine nat\u00fcrliche oder juristische Person, Beh\u00f6rde, Einrichtung oder andere Stelle au\u00dfer der betroffenen Person, dem Verantwortlichen, dem Auftragsverarbeiter und den Personen, die unter der unmittelbaren Verantwortung des Verantwortlichen oder des Auftragsverarbeiters befugt sind, die personenbezogenen Daten zu verarbeiten.<\/li>\n<li>\n<h4>k)\u00a0\u00a0\u00a0 Einwilligung<\/h4>\n<p>Einwilligung ist jede von der betroffenen Person freiwillig f\u00fcr den bestimmten Fall in informierter Weise und unmissverst\u00e4ndlich abgegebene Willensbekundung in Form einer Erkl\u00e4rung oder einer sonstigen eindeutigen best\u00e4tigenden Handlung, mit der die betroffene Person zu verstehen gibt, dass sie mit der Verarbeitung der sie betreffenden personenbezogenen Daten einverstanden ist.<\/li>\n<\/ul>\n<h4>2. Name und Anschrift des f\u00fcr die Verarbeitung Verantwortlichen<\/h4>\n<p>Verantwortlicher im Sinne der Datenschutz-Grundverordnung, sonstiger in den Mitgliedstaaten der Europ\u00e4ischen Union geltenden Datenschutzgesetze und anderer Bestimmungen mit datenschutzrechtlichem Charakter ist die:<\/p>\n<p>Weingut Dreihornm\u00fchle Fred Orb<\/p>\n<p>An der Brennerei 35<\/p>\n<p>67593 Westhofen<\/p>\n<p>Deutschland<\/p>\n<p>Tel.: 0 62 44 \/ 44 09<\/p>\n<p>E-Mail: FredOrb@gmx.de<\/p>\n<p>Website: www.dreihornmuehle.de<\/p>\n<h4>3. Erfassung von allgemeinen Daten und Informationen<\/h4>\n<p>Die Internetseite der Weingut Dreihornm\u00fchle Fred Orb erfasst mit jedem Aufruf der Internetseite durch eine betroffene Person oder ein automatisiertes System eine Reihe von allgemeinen Daten und Informationen. Diese allgemeinen Daten und Informationen werden in den Logfiles des Servers gespeichert. Erfasst werden k\u00f6nnen die (1) verwendeten Browsertypen und Versionen, (2) das vom zugreifenden System verwendete Betriebssystem, (3) die Internetseite, von welcher ein zugreifendes System auf unsere Internetseite gelangt (sogenannte Referrer), (4) die Unterwebseiten, welche \u00fcber ein zugreifendes System auf unserer Internetseite angesteuert werden, (5) das Datum und die Uhrzeit eines Zugriffs auf die Internetseite, (6) eine Internet-Protokoll-Adresse (IP-Adresse), (7) der Internet-Service-Provider des zugreifenden Systems und (8) sonstige \u00e4hnliche Daten und Informationen, die der Gefahrenabwehr im Falle von Angriffen auf unsere informationstechnologischen Systeme dienen.<\/p>\n<p>Bei der Nutzung dieser allgemeinen Daten und Informationen zieht die Weingut Dreihornm\u00fchle Fred Orb keine R\u00fcckschl\u00fcsse auf die betroffene Person. Diese Informationen werden vielmehr ben\u00f6tigt, um (1) die Inhalte unserer Internetseite korrekt auszuliefern, (2) die Inhalte unserer Internetseite sowie die Werbung f\u00fcr diese zu optimieren, (3) die dauerhafte Funktionsf\u00e4higkeit unserer informationstechnologischen Systeme und der Technik unserer Internetseite zu gew\u00e4hrleisten sowie (4) um Strafverfolgungsbeh\u00f6rden im Falle eines Cyberangriffes die zur Strafverfolgung notwendigen Informationen bereitzustellen. Diese anonym erhobenen Daten und Informationen werden durch die Weingut Dreihornm\u00fchle Fred Orb daher einerseits statistisch und ferner mit dem Ziel ausgewertet, den Datenschutz und die Datensicherheit in unserem Unternehmen zu erh\u00f6hen, um letztlich ein optimales Schutzniveau f\u00fcr die von uns verarbeiteten personenbezogenen Daten sicherzustellen. Die anonymen Daten der Server-Logfiles werden getrennt von allen durch eine betroffene Person angegebenen personenbezogenen Daten gespeichert.<\/p>\n<h4>4. Kontaktm\u00f6glichkeit \u00fcber die Internetseite<\/h4>\n<p>Die Internetseite der Weingut Dreihornm\u00fchle Fred Orb enth\u00e4lt aufgrund von gesetzlichen Vorschriften Angaben, die eine schnelle elektronische Kontaktaufnahme zu unserem Unternehmen sowie eine unmittelbare Kommunikation mit uns erm\u00f6glichen, was ebenfalls eine allgemeine Adresse der sogenannten elektronischen Post (E-Mail-Adresse) umfasst. Sofern eine betroffene Person per E-Mail oder \u00fcber ein Kontaktformular den Kontakt mit dem f\u00fcr die Verarbeitung Verantwortlichen aufnimmt, werden die von der betroffenen Person \u00fcbermittelten personenbezogenen Daten automatisch gespeichert. Solche auf freiwilliger Basis von einer betroffenen Person an den f\u00fcr die Verarbeitung Verantwortlichen \u00fcbermittelten personenbezogenen Daten werden f\u00fcr Zwecke der Bearbeitung oder der Kontaktaufnahme zur betroffenen Person gespeichert. Es erfolgt keine Weitergabe dieser personenbezogenen Daten an Dritte.<\/p>\n<h4>5. Routinem\u00e4\u00dfige L\u00f6schung und Sperrung von personenbezogenen Daten<\/h4>\n<p>Der f\u00fcr die Verarbeitung Verantwortliche verarbeitet und speichert personenbezogene Daten der betroffenen Person nur f\u00fcr den Zeitraum, der zur Erreichung des Speicherungszwecks erforderlich ist oder sofern dies durch den Europ\u00e4ischen Richtlinien- und Verordnungsgeber oder einen anderen Gesetzgeber in Gesetzen oder Vorschriften, welchen der f\u00fcr die Verarbeitung Verantwortliche unterliegt, vorgesehen wurde.<\/p>\n<p>Entf\u00e4llt der Speicherungszweck oder l\u00e4uft eine vom Europ\u00e4ischen Richtlinien- und Verordnungsgeber oder einem anderen zust\u00e4ndigen Gesetzgeber vorgeschriebene Speicherfrist ab, werden die personenbezogenen Daten routinem\u00e4\u00dfig und entsprechend den gesetzlichen Vorschriften gesperrt oder gel\u00f6scht.<\/p>\n<h4>6. Rechte der betroffenen Person<\/h4>\n<ul>\n<li>\n<h4>a)\u00a0\u00a0\u00a0 Recht auf Best\u00e4tigung<\/h4>\n<p>Jede betroffene Person hat das vom Europ\u00e4ischen Richtlinien- und Verordnungsgeber einger\u00e4umte Recht, von dem f\u00fcr die Verarbeitung Verantwortlichen eine Best\u00e4tigung dar\u00fcber zu verlangen, ob sie betreffende personenbezogene Daten verarbeitet werden. M\u00f6chte eine betroffene Person dieses Best\u00e4tigungsrecht in Anspruch nehmen, kann sie sich hierzu jederzeit an einen Mitarbeiter des f\u00fcr die Verarbeitung Verantwortlichen wenden.<\/li>\n<li>\n<h4>b)\u00a0\u00a0\u00a0 Recht auf Auskunft<\/h4>\n<p>Jede von der Verarbeitung personenbezogener Daten betroffene Person hat das vom Europ\u00e4ischen Richtlinien- und Verordnungsgeber gew\u00e4hrte Recht, jederzeit von dem f\u00fcr die Verarbeitung Verantwortlichen unentgeltliche Auskunft \u00fcber die zu seiner Person gespeicherten personenbezogenen Daten und eine Kopie dieser Auskunft zu erhalten. Ferner hat der Europ\u00e4ische Richtlinien- und Verordnungsgeber der betroffenen Person Auskunft \u00fcber folgende Informationen zugestanden:<\/p>\n<ul>\n<li>die Verarbeitungszwecke<\/li>\n<li>die Kategorien personenbezogener Daten, die verarbeitet werden<\/li>\n<li>die Empf\u00e4nger oder Kategorien von Empf\u00e4ngern, gegen\u00fcber denen die personenbezogenen Daten offengelegt worden sind oder noch offengelegt werden, insbesondere bei Empf\u00e4ngern in Drittl\u00e4ndern oder bei internationalen Organisationen<\/li>\n<li>falls m\u00f6glich die geplante Dauer, f\u00fcr die die personenbezogenen Daten gespeichert werden, oder, falls dies nicht m\u00f6glich ist, die Kriterien f\u00fcr die Festlegung dieser Dauer<\/li>\n<li>das Bestehen eines Rechts auf Berichtigung oder L\u00f6schung der sie betreffenden personenbezogenen Daten oder auf Einschr\u00e4nkung der Verarbeitung durch den Verantwortlichen oder eines Widerspruchsrechts gegen diese Verarbeitung<\/li>\n<li>das Bestehen eines Beschwerderechts bei einer Aufsichtsbeh\u00f6rde<\/li>\n<li>wenn die personenbezogenen Daten nicht bei der betroffenen Person erhoben werden: Alle verf\u00fcgbaren Informationen \u00fcber die Herkunft der Daten<\/li>\n<li>das Bestehen einer automatisierten Entscheidungsfindung einschlie\u00dflich Profiling gem\u00e4\u00df Artikel 22 Abs.1 und 4 DS-GVO und \u2014 zumindest in diesen F\u00e4llen \u2014 aussagekr\u00e4ftige Informationen \u00fcber die involvierte Logik sowie die Tragweite und die angestrebten Auswirkungen einer derartigen Verarbeitung f\u00fcr die betroffene Person<\/li>\n<\/ul>\n<p>Ferner steht der betroffenen Person ein Auskunftsrecht dar\u00fcber zu, ob personenbezogene Daten an ein Drittland oder an eine internationale Organisation \u00fcbermittelt wurden. Sofern dies der Fall ist, so steht der betroffenen Person im \u00dcbrigen das Recht zu, Auskunft \u00fcber die geeigneten Garantien im Zusammenhang mit der \u00dcbermittlung zu erhalten.<\/p>\n<p>M\u00f6chte eine betroffene Person dieses Auskunftsrecht in Anspruch nehmen, kann sie sich hierzu jederzeit an einen Mitarbeiter des f\u00fcr die Verarbeitung Verantwortlichen wenden.<\/li>\n<li>\n<h4>c)\u00a0\u00a0\u00a0 Recht auf Berichtigung<\/h4>\n<p>Jede von der Verarbeitung personenbezogener Daten betroffene Person hat das vom Europ\u00e4ischen Richtlinien- und Verordnungsgeber gew\u00e4hrte Recht, die unverz\u00fcgliche Berichtigung sie betreffender unrichtiger personenbezogener Daten zu verlangen. Ferner steht der betroffenen Person das Recht zu, unter Ber\u00fccksichtigung der Zwecke der Verarbeitung, die Vervollst\u00e4ndigung unvollst\u00e4ndiger personenbezogener Daten \u2014 auch mittels einer erg\u00e4nzenden Erkl\u00e4rung \u2014 zu verlangen.<\/p>\n<p>M\u00f6chte eine betroffene Person dieses Berichtigungsrecht in Anspruch nehmen, kann sie sich hierzu jederzeit an einen Mitarbeiter des f\u00fcr die Verarbeitung Verantwortlichen wenden.<\/li>\n<li>\n<h4>d)\u00a0\u00a0\u00a0 Recht auf L\u00f6schung (Recht auf Vergessen werden)<\/h4>\n<p>Jede von der Verarbeitung personenbezogener Daten betroffene Person hat das vom Europ\u00e4ischen Richtlinien- und Verordnungsgeber gew\u00e4hrte Recht, von dem Verantwortlichen zu verlangen, dass die sie betreffenden personenbezogenen Daten unverz\u00fcglich gel\u00f6scht werden, sofern einer der folgenden Gr\u00fcnde zutrifft und soweit die Verarbeitung nicht erforderlich ist:<\/p>\n<ul>\n<li>Die personenbezogenen Daten wurden f\u00fcr solche Zwecke erhoben oder auf sonstige Weise verarbeitet, f\u00fcr welche sie nicht mehr notwendig sind.<\/li>\n<li>Die betroffene Person widerruft ihre Einwilligung, auf die sich die Verarbeitung gem\u00e4\u00df Art. 6 Abs. 1 Buchstabe a DS-GVO oder Art. 9 Abs. 2 Buchstabe a DS-GVO st\u00fctzte, und es fehlt an einer anderweitigen Rechtsgrundlage f\u00fcr die Verarbeitung.<\/li>\n<li>Die betroffene Person legt gem\u00e4\u00df Art. 21 Abs. 1 DS-GVO Widerspruch gegen die Verarbeitung ein, und es liegen keine vorrangigen berechtigten Gr\u00fcnde f\u00fcr die Verarbeitung vor, oder die betroffene Person legt gem\u00e4\u00df Art. 21 Abs. 2 DS-GVO Widerspruch gegen die Verarbeitung ein.<\/li>\n<li>Die personenbezogenen Daten wurden unrechtm\u00e4\u00dfig verarbeitet.<\/li>\n<li>Die L\u00f6schung der personenbezogenen Daten ist zur Erf\u00fcllung einer rechtlichen Verpflichtung nach dem Unionsrecht oder dem Recht der Mitgliedstaaten erforderlich, dem der Verantwortliche unterliegt.<\/li>\n<li>Die personenbezogenen Daten wurden in Bezug auf angebotene Dienste der Informationsgesellschaft gem\u00e4\u00df Art. 8 Abs. 1 DS-GVO erhoben.<\/li>\n<\/ul>\n<p>Sofern einer der oben genannten Gr\u00fcnde zutrifft und eine betroffene Person die L\u00f6schung von personenbezogenen Daten, die bei der Weingut Dreihornm\u00fchle Fred Orb gespeichert sind, veranlassen m\u00f6chte, kann sie sich hierzu jederzeit an einen Mitarbeiter des f\u00fcr die Verarbeitung Verantwortlichen wenden. Der Mitarbeiter der Weingut Dreihornm\u00fchle Fred Orb wird veranlassen, dass dem L\u00f6schverlangen unverz\u00fcglich nachgekommen wird.<\/p>\n<p>Wurden die personenbezogenen Daten von der Weingut Dreihornm\u00fchle Fred Orb \u00f6ffentlich gemacht und ist unser Unternehmen als Verantwortlicher gem\u00e4\u00df Art. 17 Abs. 1 DS-GVO zur L\u00f6schung der personenbezogenen Daten verpflichtet, so trifft die Weingut Dreihornm\u00fchle Fred Orb unter Ber\u00fccksichtigung der verf\u00fcgbaren Technologie und der Implementierungskosten angemessene Ma\u00dfnahmen, auch technischer Art, um andere f\u00fcr die Datenverarbeitung Verantwortliche, welche die ver\u00f6ffentlichten personenbezogenen Daten verarbeiten, dar\u00fcber in Kenntnis zu setzen, dass die betroffene Person von diesen anderen f\u00fcr die Datenverarbeitung Verantwortlichen die L\u00f6schung s\u00e4mtlicher Links zu diesen personenbezogenen Daten oder von Kopien oder Replikationen dieser personenbezogenen Daten verlangt hat, soweit die Verarbeitung nicht erforderlich ist. Der Mitarbeiter der Weingut Dreihornm\u00fchle Fred Orb wird im Einzelfall das Notwendige veranlassen.<\/li>\n<li>\n<h4>e)\u00a0\u00a0\u00a0 Recht auf Einschr\u00e4nkung der Verarbeitung<\/h4>\n<p>Jede von der Verarbeitung personenbezogener Daten betroffene Person hat das vom Europ\u00e4ischen Richtlinien- und Verordnungsgeber gew\u00e4hrte Recht, von dem Verantwortlichen die Einschr\u00e4nkung der Verarbeitung zu verlangen, wenn eine der folgenden Voraussetzungen gegeben ist:<\/p>\n<ul>\n<li>Die Richtigkeit der personenbezogenen Daten wird von der betroffenen Person bestritten, und zwar f\u00fcr eine Dauer, die es dem Verantwortlichen erm\u00f6glicht, die Richtigkeit der personenbezogenen Daten zu \u00fcberpr\u00fcfen.<\/li>\n<li>Die Verarbeitung ist unrechtm\u00e4\u00dfig, die betroffene Person lehnt die L\u00f6schung der personenbezogenen Daten ab und verlangt stattdessen die Einschr\u00e4nkung der Nutzung der personenbezogenen Daten.<\/li>\n<li>Der Verantwortliche ben\u00f6tigt die personenbezogenen Daten f\u00fcr die Zwecke der Verarbeitung nicht l\u00e4nger, die betroffene Person ben\u00f6tigt sie jedoch zur Geltendmachung, Aus\u00fcbung oder Verteidigung von Rechtsanspr\u00fcchen.<\/li>\n<li>Die betroffene Person hat Widerspruch gegen die Verarbeitung gem. Art. 21 Abs. 1 DS-GVO eingelegt und es steht noch nicht fest, ob die berechtigten Gr\u00fcnde des Verantwortlichen gegen\u00fcber denen der betroffenen Person \u00fcberwiegen.<\/li>\n<\/ul>\n<p>Sofern eine der oben genannten Voraussetzungen gegeben ist und eine betroffene Person die Einschr\u00e4nkung von personenbezogenen Daten, die bei der Weingut Dreihornm\u00fchle Fred Orb gespeichert sind, verlangen m\u00f6chte, kann sie sich hierzu jederzeit an einen Mitarbeiter des f\u00fcr die Verarbeitung Verantwortlichen wenden. Der Mitarbeiter der Weingut Dreihornm\u00fchle Fred Orb wird die Einschr\u00e4nkung der Verarbeitung veranlassen.<\/li>\n<li>\n<h4>f)\u00a0\u00a0\u00a0\u00a0 Recht auf Daten\u00fcbertragbarkeit<\/h4>\n<p>Jede von der Verarbeitung personenbezogener Daten betroffene Person hat das vom Europ\u00e4ischen Richtlinien- und Verordnungsgeber gew\u00e4hrte Recht, die sie betreffenden personenbezogenen Daten, welche durch die betroffene Person einem Verantwortlichen bereitgestellt wurden, in einem strukturierten, g\u00e4ngigen und maschinenlesbaren Format zu erhalten. Sie hat au\u00dferdem das Recht, diese Daten einem anderen Verantwortlichen ohne Behinderung durch den Verantwortlichen, dem die personenbezogenen Daten bereitgestellt wurden, zu \u00fcbermitteln, sofern die Verarbeitung auf der Einwilligung gem\u00e4\u00df Art. 6 Abs. 1 Buchstabe a DS-GVO oder Art. 9 Abs. 2 Buchstabe a DS-GVO oder auf einem Vertrag gem\u00e4\u00df Art. 6 Abs. 1 Buchstabe b DS-GVO beruht und die Verarbeitung mithilfe automatisierter Verfahren erfolgt, sofern die Verarbeitung nicht f\u00fcr die Wahrnehmung einer Aufgabe erforderlich ist, die im \u00f6ffentlichen Interesse liegt oder in Aus\u00fcbung \u00f6ffentlicher Gewalt erfolgt, welche dem Verantwortlichen \u00fcbertragen wurde.<\/p>\n<p>Ferner hat die betroffene Person bei der Aus\u00fcbung ihres Rechts auf Daten\u00fcbertragbarkeit gem\u00e4\u00df Art. 20 Abs. 1 DS-GVO das Recht, zu erwirken, dass die personenbezogenen Daten direkt von einem Verantwortlichen an einen anderen Verantwortlichen \u00fcbermittelt werden, soweit dies technisch machbar ist und sofern hiervon nicht die Rechte und Freiheiten anderer Personen beeintr\u00e4chtigt werden.<\/p>\n<p>Zur Geltendmachung des Rechts auf Daten\u00fcbertragbarkeit kann sich die betroffene Person jederzeit an einen Mitarbeiter der Weingut Dreihornm\u00fchle Fred Orb wenden.<\/li>\n<li>\n<h4>g)\u00a0\u00a0\u00a0 Recht auf Widerspruch<\/h4>\n<p>Jede von der Verarbeitung personenbezogener Daten betroffene Person hat das vom Europ\u00e4ischen Richtlinien- und Verordnungsgeber gew\u00e4hrte Recht, aus Gr\u00fcnden, die sich aus ihrer besonderen Situation ergeben, jederzeit gegen die Verarbeitung sie betreffender personenbezogener Daten, die aufgrund von Art. 6 Abs. 1 Buchstaben e oder f DS-GVO erfolgt, Widerspruch einzulegen. Dies gilt auch f\u00fcr ein auf diese Bestimmungen gest\u00fctztes Profiling.<\/p>\n<p>Die Weingut Dreihornm\u00fchle Fred Orb verarbeitet die personenbezogenen Daten im Falle des Widerspruchs nicht mehr, es sei denn, wir k\u00f6nnen zwingende schutzw\u00fcrdige Gr\u00fcnde f\u00fcr die Verarbeitung nachweisen, die den Interessen, Rechten und Freiheiten der betroffenen Person \u00fcberwiegen, oder die Verarbeitung dient der Geltendmachung, Aus\u00fcbung oder Verteidigung von Rechtsanspr\u00fcchen.<\/p>\n<p>Verarbeitet die Weingut Dreihornm\u00fchle Fred Orb personenbezogene Daten, um Direktwerbung zu betreiben, so hat die betroffene Person das Recht, jederzeit Widerspruch gegen die Verarbeitung der personenbezogenen Daten zum Zwecke derartiger Werbung einzulegen. Dies gilt auch f\u00fcr das Profiling, soweit es mit solcher Direktwerbung in Verbindung steht. Widerspricht die betroffene Person gegen\u00fcber der Weingut Dreihornm\u00fchle Fred Orb der Verarbeitung f\u00fcr Zwecke der Direktwerbung, so wird die Weingut Dreihornm\u00fchle Fred Orb die personenbezogenen Daten nicht mehr f\u00fcr diese Zwecke verarbeiten.<\/p>\n<p>Zudem hat die betroffene Person das Recht, aus Gr\u00fcnden, die sich aus ihrer besonderen Situation ergeben, gegen die sie betreffende Verarbeitung personenbezogener Daten, die bei der Weingut Dreihornm\u00fchle Fred Orb zu wissenschaftlichen oder historischen Forschungszwecken oder zu statistischen Zwecken gem\u00e4\u00df Art. 89 Abs. 1 DS-GVO erfolgen, Widerspruch einzulegen, es sei denn, eine solche Verarbeitung ist zur Erf\u00fcllung einer im \u00f6ffentlichen Interesse liegenden Aufgabe erforderlich.<\/p>\n<p>Zur Aus\u00fcbung des Rechts auf Widerspruch kann sich die betroffene Person direkt jeden Mitarbeiter der Weingut Dreihornm\u00fchle Fred Orb oder einen anderen Mitarbeiter wenden. Der betroffenen Person steht es ferner frei, im Zusammenhang mit der Nutzung von Diensten der Informationsgesellschaft, ungeachtet der Richtlinie 2002\/58\/EG, ihr Widerspruchsrecht mittels automatisierter Verfahren auszu\u00fcben, bei denen technische Spezifikationen verwendet werden.<\/li>\n<li>\n<h4>h)\u00a0\u00a0\u00a0 Automatisierte Entscheidungen im Einzelfall einschlie\u00dflich Profiling<\/h4>\n<p>Jede von der Verarbeitung personenbezogener Daten betroffene Person hat das vom Europ\u00e4ischen Richtlinien- und Verordnungsgeber gew\u00e4hrte Recht, nicht einer ausschlie\u00dflich auf einer automatisierten Verarbeitung \u2014 einschlie\u00dflich Profiling \u2014 beruhenden Entscheidung unterworfen zu werden, die ihr gegen\u00fcber rechtliche Wirkung entfaltet oder sie in \u00e4hnlicher Weise erheblich beeintr\u00e4chtigt, sofern die Entscheidung (1) nicht f\u00fcr den Abschluss oder die Erf\u00fcllung eines Vertrags zwischen der betroffenen Person und dem Verantwortlichen erforderlich ist, oder (2) aufgrund von Rechtsvorschriften der Union oder der Mitgliedstaaten, denen der Verantwortliche unterliegt, zul\u00e4ssig ist und diese Rechtsvorschriften angemessene Ma\u00dfnahmen zur Wahrung der Rechte und Freiheiten sowie der berechtigten Interessen der betroffenen Person enthalten oder (3) mit ausdr\u00fccklicher Einwilligung der betroffenen Person erfolgt.<\/p>\n<p>Ist die Entscheidung (1) f\u00fcr den Abschluss oder die Erf\u00fcllung eines Vertrags zwischen der betroffenen Person und dem Verantwortlichen erforderlich oder (2) erfolgt sie mit ausdr\u00fccklicher Einwilligung der betroffenen Person, trifft die Weingut Dreihornm\u00fchle Fred Orb angemessene Ma\u00dfnahmen, um die Rechte und Freiheiten sowie die berechtigten Interessen der betroffenen Person zu wahren, wozu mindestens das Recht auf Erwirkung des Eingreifens einer Person seitens des Verantwortlichen, auf Darlegung des eigenen Standpunkts und auf Anfechtung der Entscheidung geh\u00f6rt.<\/p>\n<p>M\u00f6chte die betroffene Person Rechte mit Bezug auf automatisierte Entscheidungen geltend machen, kann sie sich hierzu jederzeit an einen Mitarbeiter des f\u00fcr die Verarbeitung Verantwortlichen wenden.<\/li>\n<li>\n<h4>i)\u00a0\u00a0\u00a0\u00a0\u00a0 Recht auf Widerruf einer datenschutzrechtlichen Einwilligung<\/h4>\n<p>Jede von der Verarbeitung personenbezogener Daten betroffene Person hat das vom Europ\u00e4ischen Richtlinien- und Verordnungsgeber gew\u00e4hrte Recht, eine Einwilligung zur Verarbeitung personenbezogener Daten jederzeit zu widerrufen.<\/p>\n<p>M\u00f6chte die betroffene Person ihr Recht auf Widerruf einer Einwilligung geltend machen, kann sie sich hierzu jederzeit an einen Mitarbeiter des f\u00fcr die Verarbeitung Verantwortlichen wenden.<\/li>\n<\/ul>\n<h4>7. Rechtsgrundlage der Verarbeitung<\/h4>\n<p>Art. 6 I lit. a DS-GVO dient unserem Unternehmen als Rechtsgrundlage f\u00fcr Verarbeitungsvorg\u00e4nge, bei denen wir eine Einwilligung f\u00fcr einen bestimmten Verarbeitungszweck einholen. Ist die Verarbeitung personenbezogener Daten zur Erf\u00fcllung eines Vertrags, dessen Vertragspartei die betroffene Person ist, erforderlich, wie dies beispielsweise bei Verarbeitungsvorg\u00e4ngen der Fall ist, die f\u00fcr eine Lieferung von Waren oder die Erbringung einer sonstigen Leistung oder Gegenleistung notwendig sind, so beruht die Verarbeitung auf Art. 6 I lit. b DS-GVO. Gleiches gilt f\u00fcr solche Verarbeitungsvorg\u00e4nge die zur Durchf\u00fchrung vorvertraglicher Ma\u00dfnahmen erforderlich sind, etwa in F\u00e4llen von Anfragen zur unseren Produkten oder Leistungen. Unterliegt unser Unternehmen einer rechtlichen Verpflichtung durch welche eine Verarbeitung von personenbezogenen Daten erforderlich wird, wie beispielsweise zur Erf\u00fcllung steuerlicher Pflichten, so basiert die Verarbeitung auf Art. 6 I lit. c DS-GVO. In seltenen F\u00e4llen k\u00f6nnte die Verarbeitung von personenbezogenen Daten erforderlich werden, um lebenswichtige Interessen der betroffenen Person oder einer anderen nat\u00fcrlichen Person zu sch\u00fctzen. Dies w\u00e4re beispielsweise der Fall, wenn ein Besucher in unserem Betrieb verletzt werden w\u00fcrde und daraufhin sein Name, sein Alter, seine Krankenkassendaten oder sonstige lebenswichtige Informationen an einen Arzt, ein Krankenhaus oder sonstige Dritte weitergegeben werden m\u00fcssten. Dann w\u00fcrde die Verarbeitung auf Art. 6 I lit. d DS-GVO beruhen. Letztlich k\u00f6nnten Verarbeitungsvorg\u00e4nge auf Art. 6 I lit. f DS-GVO beruhen. Auf dieser Rechtsgrundlage basieren Verarbeitungsvorg\u00e4nge, die von keiner der vorgenannten Rechtsgrundlagen erfasst werden, wenn die Verarbeitung zur Wahrung eines berechtigten Interesses unseres Unternehmens oder eines Dritten erforderlich ist, sofern die Interessen, Grundrechte und Grundfreiheiten des Betroffenen nicht \u00fcberwiegen. Solche Verarbeitungsvorg\u00e4nge sind uns insbesondere deshalb gestattet, weil sie durch den Europ\u00e4ischen Gesetzgeber besonders erw\u00e4hnt wurden. Er vertrat insoweit die Auffassung, dass ein berechtigtes Interesse anzunehmen sein k\u00f6nnte, wenn die betroffene Person ein Kunde des Verantwortlichen ist (Erw\u00e4gungsgrund 47 Satz 2 DS-GVO).<\/p>\n<h4>8. Berechtigte Interessen an der Verarbeitung, die von dem Verantwortlichen oder einem Dritten verfolgt werden<\/h4>\n<p>Basiert die Verarbeitung personenbezogener Daten auf Artikel 6 I lit. f DS-GVO ist unser berechtigtes Interesse die Durchf\u00fchrung unserer Gesch\u00e4ftst\u00e4tigkeit zugunsten des Wohlergehens all unserer Mitarbeiter und unserer Anteilseigner.<\/p>\n<h4>9. Dauer, f\u00fcr die die personenbezogenen Daten gespeichert werden<\/h4>\n<p>Das Kriterium f\u00fcr die Dauer der Speicherung von personenbezogenen Daten ist die jeweilige gesetzliche Aufbewahrungsfrist. Nach Ablauf der Frist werden die entsprechenden Daten routinem\u00e4\u00dfig gel\u00f6scht, sofern sie nicht mehr zur Vertragserf\u00fcllung oder Vertragsanbahnung erforderlich sind.<\/p>\n<h4>10. Gesetzliche oder vertragliche Vorschriften zur Bereitstellung der personenbezogenen Daten; Erforderlichkeit f\u00fcr den Vertragsabschluss; Verpflichtung der betroffenen Person, die personenbezogenen Daten bereitzustellen; m\u00f6gliche Folgen der Nichtbereitstellung<\/h4>\n<p>Wir kl\u00e4ren Sie dar\u00fcber auf, dass die Bereitstellung personenbezogener Daten zum Teil gesetzlich vorgeschrieben ist (z.B. Steuervorschriften) oder sich auch aus vertraglichen Regelungen (z.B. Angaben zum Vertragspartner) ergeben kann. Mitunter kann es zu einem Vertragsschluss erforderlich sein, dass eine betroffene Person uns personenbezogene Daten zur Verf\u00fcgung stellt, die in der Folge durch uns verarbeitet werden m\u00fcssen. Die betroffene Person ist beispielsweise verpflichtet uns personenbezogene Daten bereitzustellen, wenn unser Unternehmen mit ihr einen Vertrag abschlie\u00dft. Eine Nichtbereitstellung der personenbezogenen Daten h\u00e4tte zur Folge, dass der Vertrag mit dem Betroffenen nicht geschlossen werden k\u00f6nnte. Vor einer Bereitstellung personenbezogener Daten durch den Betroffenen muss sich der Betroffene an einen unserer Mitarbeiter wenden. Unser Mitarbeiter kl\u00e4rt den Betroffenen einzelfallbezogen dar\u00fcber auf, ob die Bereitstellung der personenbezogenen Daten gesetzlich oder vertraglich vorgeschrieben oder f\u00fcr den Vertragsabschluss erforderlich ist, ob eine Verpflichtung besteht, die personenbezogenen Daten bereitzustellen, und welche Folgen die Nichtbereitstellung der personenbezogenen Daten h\u00e4tte.<\/p>\n<h4>11. Bestehen einer automatisierten Entscheidungsfindung<\/h4>\n<p>Als verantwortungsbewusstes Unternehmen verzichten wir auf eine automatische Entscheidungsfindung oder ein Profiling.<\/p>\n<p>Diese Datenschutzerkl\u00e4rung wurde durch den Datenschutzerkl\u00e4rungs-Generator der DGD Deutsche Gesellschaft f\u00fcr Datenschutz GmbH, die als\u00a0<a href=\"https:\/\/dg-datenschutz.de\/datenschutz-dienstleistungen\/externer-datenschutzbeauftragter\/\">Externer Datenschutzbeauftragter Oberpfalz<\/a>\u00a0t\u00e4tig ist, in Kooperation mit dem\u00a0<a href=\"https:\/\/www.wbs-law.de\/it-recht\/datenschutzrecht\/\">Anwalt f\u00fcr Datenschutz<\/a>\u00a0Christian Solmecke erstellt.<\/p>\n<p>Keine Haftung:<br \/>\nDie Inhalte dieses Webprojektes wurden sorgf\u00e4ltig gepr\u00fcft und nach bestem Wissen erstellt. Aber f\u00fcr die hier dargebotenen Informationen wird kein Anspruch auf Vollst\u00e4ndigkeit, Aktualit\u00e4t, Qualit\u00e4t und Richtigkeit erhoben. Es kann keine Verantwortung f\u00fcr Sch\u00e4den \u00fcbernommen werden, die durch das Vertrauen auf die Inhalte dieser Website oder deren Gebrauch entstehen.<br \/>\nSchutzrechtsverletzung: Falls Sie vermuten, dass von dieser Website aus eines Ihrer Schutzrechte verletzt wird, teilen Sie das bitte umgehend per elektronischer Post mit, damit z\u00fcgig Abhilfe geschafft werden kann. Bitte nehmen Sie zur Kenntnis: Die zeitaufw\u00e4ndigere Einschaltung eines Anwaltes zur f\u00fcr den Diensteanbieter kostenpflichtigen Abmahnung entspricht nicht dessen wirklichen oder mutma\u00dflichen Willen.<\/p>\n<\/div><\/div><\/div><\/section>\n<\/div><\/p><\/div><\/p>\n<div class='flex_column av-3kpo-096f3470537a8c7cc1534c22986eed80 av_one_full  avia-builder-el-41  el_after_av_one_full  avia-builder-el-last  first flex_column_div column-top-margin'     ><style type=\"text\/css\" data-created_by=\"avia_inline_auto\" id=\"style-css-av-mg9acmxe-85283c9a3d01303ca9db2940f7b8a6f0\">\n.avia-image-container.av-mg9acmxe-85283c9a3d01303ca9db2940f7b8a6f0 img.avia_image{\nbox-shadow:none;\n}\n.avia-image-container.av-mg9acmxe-85283c9a3d01303ca9db2940f7b8a6f0 .av-image-caption-overlay-center{\ncolor:#ffffff;\n}\n<\/style>\n<div  class='avia-image-container av-mg9acmxe-85283c9a3d01303ca9db2940f7b8a6f0 av-styling- avia-align-center  avia-builder-el-42  avia-builder-el-no-sibling '   itemprop=\"image\" itemscope=\"itemscope\" itemtype=\"https:\/\/schema.org\/ImageObject\" ><div class=\"avia-image-container-inner\"><div class=\"avia-image-overlay-wrap\"><img decoding=\"async\" class='wp-image-1835 avia-img-lazy-loading-not-1835 avia_image ' src=\"https:\/\/dreihornmuehle.de\/wp2\/wp-content\/uploads\/2025\/10\/EL-0501-Publizitaet-Homepage-208x300.jpg\" alt='' title='EL-0501 Publizit\u00e4t Homepage'  height=\"300\" width=\"208\"  itemprop=\"thumbnailUrl\" srcset=\"https:\/\/dreihornmuehle.de\/wp2\/wp-content\/uploads\/2025\/10\/EL-0501-Publizitaet-Homepage-208x300.jpg 208w, https:\/\/dreihornmuehle.de\/wp2\/wp-content\/uploads\/2025\/10\/EL-0501-Publizitaet-Homepage-713x1030.jpg 713w, https:\/\/dreihornmuehle.de\/wp2\/wp-content\/uploads\/2025\/10\/EL-0501-Publizitaet-Homepage-488x705.jpg 488w, https:\/\/dreihornmuehle.de\/wp2\/wp-content\/uploads\/2025\/10\/EL-0501-Publizitaet-Homepage.jpg 720w\" sizes=\"(max-width: 208px) 100vw, 208px\" \/><\/div><\/div><\/div><\/div>\n","protected":false},"excerpt":{"rendered":"","protected":false},"author":1,"featured_media":0,"parent":0,"menu_order":0,"comment_status":"closed","ping_status":"open","template":"","meta":{"footnotes":""},"class_list":["post-2","page","type-page","status-publish","hentry"],"_links":{"self":[{"href":"https:\/\/dreihornmuehle.de\/wp2\/wp-json\/wp\/v2\/pages\/2","targetHints":{"allow":["GET"]}}],"collection":[{"href":"https:\/\/dreihornmuehle.de\/wp2\/wp-json\/wp\/v2\/pages"}],"about":[{"href":"https:\/\/dreihornmuehle.de\/wp2\/wp-json\/wp\/v2\/types\/page"}],"author":[{"embeddable":true,"href":"https:\/\/dreihornmuehle.de\/wp2\/wp-json\/wp\/v2\/users\/1"}],"replies":[{"embeddable":true,"href":"https:\/\/dreihornmuehle.de\/wp2\/wp-json\/wp\/v2\/comments?post=2"}],"version-history":[{"count":76,"href":"https:\/\/dreihornmuehle.de\/wp2\/wp-json\/wp\/v2\/pages\/2\/revisions"}],"predecessor-version":[{"id":1096,"href":"https:\/\/dreihornmuehle.de\/wp2\/wp-json\/wp\/v2\/pages\/2\/revisions\/1096"}],"wp:attachment":[{"href":"https:\/\/dreihornmuehle.de\/wp2\/wp-json\/wp\/v2\/media?parent=2"}],"curies":[{"name":"wp","href":"https:\/\/api.w.org\/{rel}","templated":true}]}}